{"version":"1.0","provider_name":"Moll\u00f3 Parc","provider_url":"https:\/\/www.molloparc.com\/es\/","author_name":"Moll\u00f3","author_url":"https:\/\/www.molloparc.com\/es\/author\/judit\/","title":"Nacimiento de cabritos en la granja del Moll\u00f3 Parc - Moll\u00f3 Parc","type":"rich","width":600,"height":338,"html":"<blockquote class=\"wp-embedded-content\" data-secret=\"ucFj0OqeML\"><a href=\"https:\/\/www.molloparc.com\/es\/naixement-de-cabrit-la-granja-del-mollo-parc\/\">Nacimiento de cabritos en la granja del Moll\u00f3 Parc<\/a><\/blockquote><iframe sandbox=\"allow-scripts\" security=\"restricted\" src=\"https:\/\/www.molloparc.com\/es\/naixement-de-cabrit-la-granja-del-mollo-parc\/embed\/#?secret=ucFj0OqeML\" width=\"600\" height=\"338\" title=\"\u00abNacimiento de cabritos en la granja del Moll\u00f3 Parc\u00bb \u2014 Moll\u00f3 Parc\" data-secret=\"ucFj0OqeML\" frameborder=\"0\" marginwidth=\"0\" marginheight=\"0\" scrolling=\"no\" class=\"wp-embedded-content\"><\/iframe><script type=\"text\/javascript\">\n\/*! This file is auto-generated *\/\n!function(c,d){\"use strict\";var e=!1,o=!1;if(d.querySelector)if(c.addEventListener)e=!0;if(c.wp=c.wp||{},c.wp.receiveEmbedMessage);else if(c.wp.receiveEmbedMessage=function(e){var t=e.data;if(!t);else if(!(t.secret||t.message||t.value));else if(\/[^a-zA-Z0-9]\/.test(t.secret));else{for(var r,s,a,i=d.querySelectorAll('iframe[data-secret=\"'+t.secret+'\"]'),n=d.querySelectorAll('blockquote[data-secret=\"'+t.secret+'\"]'),o=new RegExp(\"^https?:$\",\"i\"),l=0;l<n.length;l++)n[l].style.display=\"none\";for(l=0;l<i.length;l++)if(r=i[l],e.source!==r.contentWindow);else{if(r.removeAttribute(\"style\"),\"height\"===t.message){if(1e3<(s=parseInt(t.value,10)))s=1e3;else if(~~s<200)s=200;r.height=s}if(\"link\"===t.message)if(s=d.createElement(\"a\"),a=d.createElement(\"a\"),s.href=r.getAttribute(\"src\"),a.href=t.value,!o.test(a.protocol));else if(a.host===s.host)if(d.activeElement===r)c.top.location.href=t.value}}},e)c.addEventListener(\"message\",c.wp.receiveEmbedMessage,!1),d.addEventListener(\"DOMContentLoaded\",t,!1),c.addEventListener(\"load\",t,!1);function t(){if(o);else{o=!0;for(var e,t,r,s=-1!==navigator.appVersion.indexOf(\"MSIE 10\"),a=!!navigator.userAgent.match(\/Trident.*rv:11\\.\/),i=d.querySelectorAll(\"iframe.wp-embedded-content\"),n=0;n<i.length;n++){if(!(r=(t=i[n]).getAttribute(\"data-secret\")))r=Math.random().toString(36).substr(2,10),t.src+=\"#?secret=\"+r,t.setAttribute(\"data-secret\",r);if(s||a)(e=t.cloneNode(!0)).removeAttribute(\"security\"),t.parentNode.replaceChild(e,t);t.contentWindow.postMessage({message:\"ready\",secret:r},\"*\")}}}}(window,document);\n<\/script>\n","thumbnail_url":"https:\/\/www.molloparc.com\/wp-content\/uploads\/2015\/03\/naixement-cabrits2.jpg","thumbnail_width":2048,"thumbnail_height":1365,"description":"El mi\u00e9rcoles, d\u00eda 11, \u00a0en la granja de Moll\u00f3 Parc van nacieron tres cabritos. Mirad que contentos que estaban al d\u00eda siguiente de haber nacido! \u00a0\u00a0\u00a0 Recordad que en la granja del Moll\u00f3 Parc \u00a0podr\u00e9is ver y tocar gallinas, pollitos, cabras, aznos, cavallos e incluso \u00f1es podr\u00e9is dar de comer. \u00bfQuer\u00e9is ver todos\u00a0los animales que [&hellip;]"}